{"id":118304,"date":"2023-08-24T14:28:03","date_gmt":"2023-08-24T12:28:03","guid":{"rendered":"https:\/\/espacesantefamille.be\/?page_id=118304"},"modified":"2025-11-06T11:10:43","modified_gmt":"2025-11-06T10:10:43","slug":"enfant","status":"publish","type":"page","link":"https:\/\/espacesantefamille.be\/index.php\/enfant\/","title":{"rendered":"Enfant"},"content":{"rendered":"<div class=\"wpb-content-wrapper\"><p>[vc_row row_height_percent=\u00a0\u00bb85&Prime; override_padding=\u00a0\u00bbyes\u00a0\u00bb h_padding=\u00a0\u00bb2&Prime; top_padding=\u00a0\u00bb5&Prime; bottom_padding=\u00a0\u00bb5&Prime; back_image=\u00a0\u00bb118310&Prime; back_position=\u00a0\u00bbcenter center\u00a0\u00bb overlay_color=\u00a0\u00bbcolor-rgdb\u00a0\u00bb overlay_alpha=\u00a0\u00bb0&Prime; gutter_size=\u00a0\u00bb3&Prime; column_width_percent=\u00a0\u00bb100&Prime; shift_y=\u00a0\u00bb0&Prime; z_index=\u00a0\u00bb0&Prime; top_divider=\u00a0\u00bbgradient\u00a0\u00bb uncode_shortcode_id=\u00a0\u00bb169650&Prime; overlay_color_type=\u00a0\u00bbuncode-palette\u00a0\u00bb][vc_column column_width_percent=\u00a0\u00bb100&Prime; position_vertical=\u00a0\u00bbmiddle\u00a0\u00bb gutter_size=\u00a0\u00bb2&Prime; style=\u00a0\u00bbdark\u00a0\u00bb overlay_alpha=\u00a0\u00bb50&Prime; shift_x=\u00a0\u00bb0&Prime; shift_y=\u00a0\u00bb0&Prime; shift_y_down=\u00a0\u00bb0&Prime; z_index=\u00a0\u00bb0&Prime; medium_width=\u00a0\u00bb0&Prime; mobile_width=\u00a0\u00bb0&Prime; width=\u00a0\u00bb1\/1&Prime;][\/vc_column][\/vc_row][vc_row row_height_percent=\u00a0\u00bb0&Prime; override_padding=\u00a0\u00bbyes\u00a0\u00bb h_padding=\u00a0\u00bb2&Prime; top_padding=\u00a0\u00bb4&Prime; bottom_padding=\u00a0\u00bb4&Prime; back_color=\u00a0\u00bbcolor-xsdn\u00a0\u00bb overlay_alpha=\u00a0\u00bb50&Prime; gutter_size=\u00a0\u00bb3&Prime; column_width_percent=\u00a0\u00bb100&Prime; shift_y=\u00a0\u00bb0&Prime; z_index=\u00a0\u00bb0&Prime; uncode_shortcode_id=\u00a0\u00bb212747&Prime; back_color_type=\u00a0\u00bbuncode-palette\u00a0\u00bb][vc_column width=\u00a0\u00bb1\/1&Prime;][vc_row_inner limit_content=\u00a0\u00bb\u00a0\u00bb][vc_column_inner column_width_percent=\u00a0\u00bb100&Prime; gutter_size=\u00a0\u00bb1&Prime; overlay_alpha=\u00a0\u00bb50&Prime; shift_x=\u00a0\u00bb0&Prime; shift_y=\u00a0\u00bb0&Prime; shift_y_down=\u00a0\u00bb0&Prime; z_index=\u00a0\u00bb0&Prime; medium_width=\u00a0\u00bb0&Prime; mobile_width=\u00a0\u00bb0&Prime; width=\u00a0\u00bb1\/3&Prime; uncode_shortcode_id=\u00a0\u00bb150574&Prime;][vc_single_image media=\u00a0\u00bb118282&Prime; media_width_percent=\u00a0\u00bb34&Prime; uncode_shortcode_id=\u00a0\u00bb118147&Prime;][vc_empty_space empty_h=\u00a0\u00bb1&Prime;][vc_custom_heading text_color=\u00a0\u00bbcolor-jevc\u00a0\u00bb text_size=\u00a0\u00bbh4&Prime; text_weight=\u00a0\u00bb500&Prime; uncode_shortcode_id=\u00a0\u00bb105831&Prime; text_color_type=\u00a0\u00bbuncode-palette\u00a0\u00bb]<strong>Agalliu Paola <\/strong>[\/vc_custom_heading][vc_column_text text_color=\u00a0\u00bbcolor-jevc\u00a0\u00bb uncode_shortcode_id=\u00a0\u00bb212406&Prime; text_color_type=\u00a0\u00bbuncode-palette\u00a0\u00bb]<\/p>\n<div class=\"page\" title=\"Page 1\">\n<div class=\"section\">\n<div class=\"layoutArea\">\n<div class=\"column\">\n<p>Psychologue Clinicienne, Neuropsychologue, Psychoth\u00e9rapeute EMDR &amp; Th\u00e9rapie Cignitivo-Comportementale<\/p>\n<\/div>\n<\/div>\n<\/div>\n<\/div>\n<p>[\/vc_column_text][vc_empty_space empty_h=\u00a0\u00bb1&Prime;][vc_button button_color=\u00a0\u00bbcolor-jevc\u00a0\u00bb hover_fx=\u00a0\u00bboutlined\u00a0\u00bb outline=\u00a0\u00bbyes\u00a0\u00bb border_width=\u00a0\u00bb0&Prime; button_color_type=\u00a0\u00bbuncode-palette\u00a0\u00bb uncode_shortcode_id=\u00a0\u00bb177926&Prime; link=\u00a0\u00bburl:https%3A%2F%2Fespacesantefamille.be%2Findex.php%2Fagalliu-paola%2F|title:Agalliu-Paola\u00a0\u00bb]Voir la fiche \u00bb[\/vc_button][\/vc_column_inner][vc_column_inner column_width_percent=\u00a0\u00bb100&Prime; gutter_size=\u00a0\u00bb1&Prime; overlay_alpha=\u00a0\u00bb50&Prime; shift_x=\u00a0\u00bb0&Prime; shift_y=\u00a0\u00bb0&Prime; shift_y_down=\u00a0\u00bb0&Prime; z_index=\u00a0\u00bb0&Prime; medium_width=\u00a0\u00bb0&Prime; mobile_width=\u00a0\u00bb0&Prime; width=\u00a0\u00bb1\/3&Prime; uncode_shortcode_id=\u00a0\u00bb138097&Prime;][vc_single_image media=\u00a0\u00bb118569&Prime; media_width_percent=\u00a0\u00bb34&Prime; uncode_shortcode_id=\u00a0\u00bb863633&Prime;][vc_empty_space empty_h=\u00a0\u00bb1&Prime;][vc_custom_heading text_color=\u00a0\u00bbcolor-jevc\u00a0\u00bb text_size=\u00a0\u00bbh4&Prime; text_weight=\u00a0\u00bb500&Prime; uncode_shortcode_id=\u00a0\u00bb943982&Prime; text_color_type=\u00a0\u00bbuncode-palette\u00a0\u00bb]<strong>Leblicq Virginie<\/strong>[\/vc_custom_heading][vc_column_text text_color=\u00a0\u00bbcolor-jevc\u00a0\u00bb uncode_shortcode_id=\u00a0\u00bb409425&Prime; text_color_type=\u00a0\u00bbuncode-palette\u00a0\u00bb]<\/p>\n<div class=\"page\" title=\"Page 1\">\n<div class=\"section\">\n<div class=\"layoutArea\">\n<div class=\"column\">\n<p class=\"p1\">Psychologue Clinicienne, 1\u00e8re ligne, Syst\u00e9micienne\/Analytique,<br \/>\nExpertise, Reconsolidation<br \/>\n<strong>Brumenta \/ Brustar<\/strong><\/p>\n<\/div>\n<\/div>\n<\/div>\n<\/div>\n<p>[\/vc_column_text][vc_button button_color=\u00a0\u00bbcolor-jevc\u00a0\u00bb hover_fx=\u00a0\u00bboutlined\u00a0\u00bb outline=\u00a0\u00bbyes\u00a0\u00bb border_width=\u00a0\u00bb0&Prime; button_color_type=\u00a0\u00bbuncode-palette\u00a0\u00bb uncode_shortcode_id=\u00a0\u00bb748389&Prime; link=\u00a0\u00bburl:https%3A%2F%2Fespacesantefamille.be%2Findex.php%2Fleblicq-virginie%2F|title:Leblicq%20Virginie\u00a0\u00bb]Voir la fiche \u00bb[\/vc_button][vc_empty_space empty_h=\u00a0\u00bb1&Prime;][\/vc_column_inner][vc_column_inner column_width_percent=\u00a0\u00bb100&Prime; gutter_size=\u00a0\u00bb1&Prime; overlay_alpha=\u00a0\u00bb50&Prime; shift_x=\u00a0\u00bb0&Prime; shift_y=\u00a0\u00bb0&Prime; shift_y_down=\u00a0\u00bb0&Prime; z_index=\u00a0\u00bb0&Prime; medium_width=\u00a0\u00bb0&Prime; mobile_width=\u00a0\u00bb0&Prime; width=\u00a0\u00bb1\/3&Prime; uncode_shortcode_id=\u00a0\u00bb101362&Prime;][vc_single_image media=\u00a0\u00bb118580&Prime; media_width_percent=\u00a0\u00bb34&Prime; uncode_shortcode_id=\u00a0\u00bb186211&Prime;][vc_empty_space empty_h=\u00a0\u00bb1&Prime;][vc_custom_heading text_color=\u00a0\u00bbcolor-jevc\u00a0\u00bb text_size=\u00a0\u00bbh4&Prime; text_weight=\u00a0\u00bb500&Prime; uncode_shortcode_id=\u00a0\u00bb676238&Prime; text_color_type=\u00a0\u00bbuncode-palette\u00a0\u00bb]<strong>Deniz Rumeysa<\/strong>[\/vc_custom_heading][vc_column_text text_color=\u00a0\u00bbcolor-jevc\u00a0\u00bb uncode_shortcode_id=\u00a0\u00bb707709&Prime; text_color_type=\u00a0\u00bbuncode-palette\u00a0\u00bb]<\/p>\n<div class=\"page\" title=\"Page 1\">\n<div class=\"section\">\n<div class=\"layoutArea\">\n<div class=\"column\">\n<p>Psychologue Clinicienne<br \/>\n<strong>Brustar<\/strong><\/p>\n<\/div>\n<\/div>\n<\/div>\n<\/div>\n<p>[\/vc_column_text][vc_empty_space empty_h=\u00a0\u00bb1&Prime;][vc_button button_color=\u00a0\u00bbcolor-jevc\u00a0\u00bb hover_fx=\u00a0\u00bboutlined\u00a0\u00bb outline=\u00a0\u00bbyes\u00a0\u00bb border_width=\u00a0\u00bb0&Prime; button_color_type=\u00a0\u00bbuncode-palette\u00a0\u00bb uncode_shortcode_id=\u00a0\u00bb175376&Prime; link=\u00a0\u00bburl:https%3A%2F%2Fespacesantefamille.be%2Findex.php%2Fdeniz-rumeysa%2F|title:Agalliu-Paola\u00a0\u00bb]Voir la fiche \u00bb[\/vc_button][\/vc_column_inner][\/vc_row_inner][vc_row_inner limit_content=\u00a0\u00bb\u00a0\u00bb][vc_column_inner column_width_percent=\u00a0\u00bb100&Prime; gutter_size=\u00a0\u00bb1&Prime; overlay_alpha=\u00a0\u00bb50&Prime; shift_x=\u00a0\u00bb0&Prime; shift_y=\u00a0\u00bb0&Prime; shift_y_down=\u00a0\u00bb0&Prime; z_index=\u00a0\u00bb0&Prime; medium_width=\u00a0\u00bb0&Prime; mobile_width=\u00a0\u00bb0&Prime; width=\u00a0\u00bb1\/3&Prime; uncode_shortcode_id=\u00a0\u00bb150574&Prime;][vc_single_image media=\u00a0\u00bb118841&Prime; media_width_percent=\u00a0\u00bb34&Prime; uncode_shortcode_id=\u00a0\u00bb101929&Prime;][vc_empty_space empty_h=\u00a0\u00bb1&Prime;][vc_custom_heading text_color=\u00a0\u00bbcolor-jevc\u00a0\u00bb text_size=\u00a0\u00bbh4&Prime; text_weight=\u00a0\u00bb500&Prime; uncode_shortcode_id=\u00a0\u00bb909108&Prime; text_color_type=\u00a0\u00bbuncode-palette\u00a0\u00bb]<strong>Benjelloun Rania<\/strong>[\/vc_custom_heading][vc_column_text text_color=\u00a0\u00bbcolor-jevc\u00a0\u00bb uncode_shortcode_id=\u00a0\u00bb191759&Prime; text_color_type=\u00a0\u00bbuncode-palette\u00a0\u00bb]<\/p>\n<div class=\"page\" title=\"Page 1\">\n<div class=\"section\">\n<div class=\"layoutArea\">\n<div class=\"column\">\n<p class=\"p1\">Psychologue clinicienne<\/p>\n<\/div>\n<\/div>\n<\/div>\n<\/div>\n<p>[\/vc_column_text][vc_empty_space empty_h=\u00a0\u00bb1&Prime;][vc_button button_color=\u00a0\u00bbcolor-jevc\u00a0\u00bb hover_fx=\u00a0\u00bboutlined\u00a0\u00bb outline=\u00a0\u00bbyes\u00a0\u00bb border_width=\u00a0\u00bb0&Prime; button_color_type=\u00a0\u00bbuncode-palette\u00a0\u00bb uncode_shortcode_id=\u00a0\u00bb836883&Prime; link=\u00a0\u00bburl:https%3A%2F%2Fespacesantefamille.be%2Findex.php%2Fcanakci-olivya%2F|title:Canak%C3%A7i%20Olivya\u00a0\u00bb]Voir la fiche \u00bb[\/vc_button][\/vc_column_inner][vc_column_inner column_width_percent=\u00a0\u00bb100&Prime; gutter_size=\u00a0\u00bb1&Prime; overlay_alpha=\u00a0\u00bb50&Prime; shift_x=\u00a0\u00bb0&Prime; shift_y=\u00a0\u00bb0&Prime; shift_y_down=\u00a0\u00bb0&Prime; z_index=\u00a0\u00bb0&Prime; medium_width=\u00a0\u00bb0&Prime; mobile_width=\u00a0\u00bb0&Prime; width=\u00a0\u00bb1\/3&Prime; uncode_shortcode_id=\u00a0\u00bb138097&Prime;][vc_single_image media=\u00a0\u00bb118600&Prime; media_width_percent=\u00a0\u00bb34&Prime; uncode_shortcode_id=\u00a0\u00bb784561&Prime;][vc_empty_space empty_h=\u00a0\u00bb1&Prime;][vc_custom_heading text_color=\u00a0\u00bbcolor-jevc\u00a0\u00bb text_size=\u00a0\u00bbh4&Prime; text_weight=\u00a0\u00bb500&Prime; uncode_shortcode_id=\u00a0\u00bb158667&Prime; text_color_type=\u00a0\u00bbuncode-palette\u00a0\u00bb]<strong>El Makrini Mariem<\/strong>[\/vc_custom_heading][vc_column_text text_color=\u00a0\u00bbcolor-jevc\u00a0\u00bb uncode_shortcode_id=\u00a0\u00bb999617&Prime; text_color_type=\u00a0\u00bbuncode-palette\u00a0\u00bb]<\/p>\n<p class=\"p1\">Logop\u00e8de<\/p>\n<p>[\/vc_column_text][vc_empty_space empty_h=\u00a0\u00bb1&Prime;][vc_button button_color=\u00a0\u00bbcolor-jevc\u00a0\u00bb hover_fx=\u00a0\u00bboutlined\u00a0\u00bb outline=\u00a0\u00bbyes\u00a0\u00bb border_width=\u00a0\u00bb0&Prime; button_color_type=\u00a0\u00bbuncode-palette\u00a0\u00bb uncode_shortcode_id=\u00a0\u00bb198935&Prime; link=\u00a0\u00bburl:https%3A%2F%2Fespacesantefamille.be%2Findex.php%2Fel-makrini-mariem%2F|title:El%20Makrini%20Mariem\u00a0\u00bb]Voir la fiche \u00bb[\/vc_button][\/vc_column_inner][vc_column_inner column_width_percent=\u00a0\u00bb100&Prime; gutter_size=\u00a0\u00bb1&Prime; overlay_alpha=\u00a0\u00bb50&Prime; shift_x=\u00a0\u00bb0&Prime; shift_y=\u00a0\u00bb0&Prime; shift_y_down=\u00a0\u00bb0&Prime; z_index=\u00a0\u00bb0&Prime; medium_width=\u00a0\u00bb0&Prime; mobile_width=\u00a0\u00bb0&Prime; width=\u00a0\u00bb1\/3&Prime; uncode_shortcode_id=\u00a0\u00bb101362&Prime;][vc_empty_space empty_h=\u00a0\u00bb1&Prime;][vc_single_image media=\u00a0\u00bb118570&Prime; media_width_percent=\u00a0\u00bb34&Prime; uncode_shortcode_id=\u00a0\u00bb359573&Prime;][vc_custom_heading text_color=\u00a0\u00bbcolor-jevc\u00a0\u00bb text_size=\u00a0\u00bbh4&Prime; text_weight=\u00a0\u00bb500&Prime; uncode_shortcode_id=\u00a0\u00bb210695&Prime; text_color_type=\u00a0\u00bbuncode-palette\u00a0\u00bb]<strong>Turi Letizia<\/strong>[\/vc_custom_heading][vc_column_text text_color=\u00a0\u00bbcolor-jevc\u00a0\u00bb uncode_shortcode_id=\u00a0\u00bb539483&Prime; text_color_type=\u00a0\u00bbuncode-palette\u00a0\u00bb]<\/p>\n<div class=\"page\" title=\"Page 1\">\n<div class=\"section\">\n<div class=\"layoutArea\">\n<div class=\"column\">\n<p class=\"p1\">Psychologue clinicienne 1\u00e8re ligne, syst\u00e9mique, Mindfullness, MENA, trauma<br \/>\n<strong>Brustar \/ Brumenta \/ Domicile<\/strong><\/p>\n<\/div>\n<\/div>\n<\/div>\n<\/div>\n<p>[\/vc_column_text][vc_button button_color=\u00a0\u00bbcolor-jevc\u00a0\u00bb hover_fx=\u00a0\u00bboutlined\u00a0\u00bb outline=\u00a0\u00bbyes\u00a0\u00bb border_width=\u00a0\u00bb0&Prime; button_color_type=\u00a0\u00bbuncode-palette\u00a0\u00bb uncode_shortcode_id=\u00a0\u00bb137215&Prime; link=\u00a0\u00bburl:https%3A%2F%2Fespacesantefamille.be%2Findex.php%2Fturi-letizia%2F|title:Turi%20Letizia\u00a0\u00bb]Voir la fiche \u00bb[\/vc_button][\/vc_column_inner][\/vc_row_inner][vc_row_inner limit_content=\u00a0\u00bb\u00a0\u00bb][vc_column_inner column_width_percent=\u00a0\u00bb100&Prime; gutter_size=\u00a0\u00bb1&Prime; overlay_alpha=\u00a0\u00bb50&Prime; shift_x=\u00a0\u00bb0&Prime; shift_y=\u00a0\u00bb0&Prime; shift_y_down=\u00a0\u00bb0&Prime; z_index=\u00a0\u00bb0&Prime; medium_width=\u00a0\u00bb0&Prime; mobile_width=\u00a0\u00bb0&Prime; width=\u00a0\u00bb1\/3&Prime; uncode_shortcode_id=\u00a0\u00bb150574&Prime;][vc_single_image media=\u00a0\u00bb118587&Prime; media_width_percent=\u00a0\u00bb34&Prime; uncode_shortcode_id=\u00a0\u00bb129047&Prime;][vc_empty_space empty_h=\u00a0\u00bb1&Prime;][vc_custom_heading text_color=\u00a0\u00bbcolor-jevc\u00a0\u00bb text_size=\u00a0\u00bbh4&Prime; text_weight=\u00a0\u00bb500&Prime; uncode_shortcode_id=\u00a0\u00bb688653&Prime; text_color_type=\u00a0\u00bbuncode-palette\u00a0\u00bb]<strong>Namaki Zahara <\/strong>[\/vc_custom_heading][vc_column_text text_color=\u00a0\u00bbcolor-jevc\u00a0\u00bb uncode_shortcode_id=\u00a0\u00bb342801&Prime; text_color_type=\u00a0\u00bbuncode-palette\u00a0\u00bb]<\/p>\n<div class=\"page\" title=\"Page 1\">\n<div class=\"section\">\n<div class=\"layoutArea\">\n<div class=\"column\">\n<p>Klinische Psycholoog, EMDR Therapist<\/p><\/div>\n<\/div>\n<\/div>\n<\/div>\n<p>[\/vc_column_text][vc_empty_space empty_h=\u00a0\u00bb1&Prime;][vc_button button_color=\u00a0\u00bbcolor-jevc\u00a0\u00bb hover_fx=\u00a0\u00bboutlined\u00a0\u00bb outline=\u00a0\u00bbyes\u00a0\u00bb border_width=\u00a0\u00bb0&Prime; button_color_type=\u00a0\u00bbuncode-palette\u00a0\u00bb uncode_shortcode_id=\u00a0\u00bb192940&Prime; link=\u00a0\u00bburl:https%3A%2F%2Fespacesantefamille.be%2Findex.php%2Fnamaki-zahara%2F|title:Namaki%20Zahara\u00a0\u00bb]Voir la fiche \u00bb[\/vc_button][\/vc_column_inner][vc_column_inner column_width_percent=\u00a0\u00bb100&Prime; gutter_size=\u00a0\u00bb1&Prime; overlay_alpha=\u00a0\u00bb50&Prime; shift_x=\u00a0\u00bb0&Prime; shift_y=\u00a0\u00bb0&Prime; shift_y_down=\u00a0\u00bb0&Prime; z_index=\u00a0\u00bb0&Prime; medium_width=\u00a0\u00bb0&Prime; mobile_width=\u00a0\u00bb0&Prime; width=\u00a0\u00bb1\/3&Prime; uncode_shortcode_id=\u00a0\u00bb138097&Prime;][vc_single_image media=\u00a0\u00bb118571&Prime; media_width_percent=\u00a0\u00bb34&Prime; uncode_shortcode_id=\u00a0\u00bb356490&Prime;][vc_empty_space empty_h=\u00a0\u00bb1&Prime;][vc_custom_heading text_color=\u00a0\u00bbcolor-jevc\u00a0\u00bb text_size=\u00a0\u00bbh4&Prime; text_weight=\u00a0\u00bb500&Prime; uncode_shortcode_id=\u00a0\u00bb144256&Prime; text_color_type=\u00a0\u00bbuncode-palette\u00a0\u00bb]<strong>Oztoprak Ebru <\/strong>[\/vc_custom_heading][vc_column_text text_color=\u00a0\u00bbcolor-jevc\u00a0\u00bb uncode_shortcode_id=\u00a0\u00bb832454&Prime; text_color_type=\u00a0\u00bbuncode-palette\u00a0\u00bb]<\/p>\n<div class=\"page\" title=\"Page 1\">\n<div class=\"section\">\n<div class=\"layoutArea\">\n<div class=\"column\">\n<p class=\"p1\">Psychologue clinicienne<br \/>\n1\u00e8re ligne, syst\u00e9mique, trauma et exil<br \/>\n<strong>Brustar \/ Brumenta \/ Domicile<\/strong><\/p>\n<\/div>\n<\/div>\n<\/div>\n<\/div>\n<p>[\/vc_column_text][vc_empty_space empty_h=\u00a0\u00bb1&Prime;][vc_button button_color=\u00a0\u00bbcolor-jevc\u00a0\u00bb hover_fx=\u00a0\u00bboutlined\u00a0\u00bb outline=\u00a0\u00bbyes\u00a0\u00bb border_width=\u00a0\u00bb0&Prime; button_color_type=\u00a0\u00bbuncode-palette\u00a0\u00bb uncode_shortcode_id=\u00a0\u00bb437004&Prime; link=\u00a0\u00bburl:https%3A%2F%2Fespacesantefamille.be%2Findex.php%2Foztoprak-ebru%2F|title:Oztoprak%20Ebru\u00a0\u00bb]Voir la fiche \u00bb[\/vc_button][\/vc_column_inner][vc_column_inner column_width_percent=\u00a0\u00bb100&Prime; gutter_size=\u00a0\u00bb1&Prime; overlay_alpha=\u00a0\u00bb50&Prime; shift_x=\u00a0\u00bb0&Prime; shift_y=\u00a0\u00bb0&Prime; shift_y_down=\u00a0\u00bb0&Prime; z_index=\u00a0\u00bb0&Prime; medium_width=\u00a0\u00bb0&Prime; mobile_width=\u00a0\u00bb0&Prime; width=\u00a0\u00bb1\/3&Prime; uncode_shortcode_id=\u00a0\u00bb101362&Prime;][vc_single_image media=\u00a0\u00bb118598&Prime; media_width_percent=\u00a0\u00bb34&Prime; uncode_shortcode_id=\u00a0\u00bb515386&Prime;][vc_empty_space empty_h=\u00a0\u00bb1&Prime;][vc_custom_heading text_color=\u00a0\u00bbcolor-jevc\u00a0\u00bb text_size=\u00a0\u00bbh4&Prime; text_weight=\u00a0\u00bb500&Prime; uncode_shortcode_id=\u00a0\u00bb830664&Prime; text_color_type=\u00a0\u00bbuncode-palette\u00a0\u00bb]<strong>Kardal Safa<\/strong>[\/vc_custom_heading][vc_column_text text_color=\u00a0\u00bbcolor-jevc\u00a0\u00bb uncode_shortcode_id=\u00a0\u00bb741122&Prime; text_color_type=\u00a0\u00bbuncode-palette\u00a0\u00bb]<\/p>\n<p class=\"p1\">Logop\u00e8de, bilan, r\u00e9\u00e9ducation<\/p>\n<p>[\/vc_column_text][vc_empty_space empty_h=\u00a0\u00bb1&Prime;][vc_button button_color=\u00a0\u00bbcolor-jevc\u00a0\u00bb hover_fx=\u00a0\u00bboutlined\u00a0\u00bb outline=\u00a0\u00bbyes\u00a0\u00bb border_width=\u00a0\u00bb0&Prime; button_color_type=\u00a0\u00bbuncode-palette\u00a0\u00bb uncode_shortcode_id=\u00a0\u00bb474433&Prime; link=\u00a0\u00bburl:https%3A%2F%2Fespacesantefamille.be%2Findex.php%2Fkardal-safa%2F|title:Kardal%20Safa\u00a0\u00bb]Voir la fiche \u00bb[\/vc_button][\/vc_column_inner][\/vc_row_inner][vc_row_inner limit_content=\u00a0\u00bb\u00a0\u00bb][vc_column_inner column_width_percent=\u00a0\u00bb100&Prime; gutter_size=\u00a0\u00bb1&Prime; overlay_alpha=\u00a0\u00bb50&Prime; shift_x=\u00a0\u00bb0&Prime; shift_y=\u00a0\u00bb0&Prime; shift_y_down=\u00a0\u00bb0&Prime; z_index=\u00a0\u00bb0&Prime; medium_width=\u00a0\u00bb0&Prime; mobile_width=\u00a0\u00bb0&Prime; width=\u00a0\u00bb1\/3&Prime; uncode_shortcode_id=\u00a0\u00bb150574&Prime;][vc_single_image media=\u00a0\u00bb118599&Prime; media_width_percent=\u00a0\u00bb34&Prime; uncode_shortcode_id=\u00a0\u00bb197274&Prime;][vc_empty_space empty_h=\u00a0\u00bb1&Prime;][vc_custom_heading text_color=\u00a0\u00bbcolor-jevc\u00a0\u00bb text_size=\u00a0\u00bbh4&Prime; text_weight=\u00a0\u00bb500&Prime; uncode_shortcode_id=\u00a0\u00bb417233&Prime; text_color_type=\u00a0\u00bbuncode-palette\u00a0\u00bb]<strong>Liebmann Margaux<\/strong>[\/vc_custom_heading][vc_column_text text_color=\u00a0\u00bbcolor-jevc\u00a0\u00bb uncode_shortcode_id=\u00a0\u00bb696059&Prime; text_color_type=\u00a0\u00bbuncode-palette\u00a0\u00bb]<\/p>\n<p class=\"p1\">Psychologue clinicienne 1\u00e8re ligne, syst\u00e9mique, interculturalit\u00e9, trauma et exil, MENA<br \/>\n<strong>Brustar<\/strong>[\/vc_column_text][vc_empty_space empty_h=\u00a0\u00bb1&Prime;][vc_button button_color=\u00a0\u00bbcolor-jevc\u00a0\u00bb hover_fx=\u00a0\u00bboutlined\u00a0\u00bb outline=\u00a0\u00bbyes\u00a0\u00bb border_width=\u00a0\u00bb0&Prime; button_color_type=\u00a0\u00bbuncode-palette\u00a0\u00bb uncode_shortcode_id=\u00a0\u00bb758472&Prime; link=\u00a0\u00bburl:https%3A%2F%2Fespacesantefamille.be%2Findex.php%2Fliebmann-margaux%2F|title:Liebmann%20Margaux\u00a0\u00bb]Voir la fiche \u00bb[\/vc_button][\/vc_column_inner][vc_column_inner column_width_percent=\u00a0\u00bb100&Prime; gutter_size=\u00a0\u00bb1&Prime; overlay_alpha=\u00a0\u00bb50&Prime; shift_x=\u00a0\u00bb0&Prime; shift_y=\u00a0\u00bb0&Prime; shift_y_down=\u00a0\u00bb0&Prime; z_index=\u00a0\u00bb0&Prime; medium_width=\u00a0\u00bb0&Prime; mobile_width=\u00a0\u00bb0&Prime; width=\u00a0\u00bb1\/3&Prime; uncode_shortcode_id=\u00a0\u00bb138097&Prime;][vc_single_image media=\u00a0\u00bb118508&Prime; media_width_percent=\u00a0\u00bb34&Prime; uncode_shortcode_id=\u00a0\u00bb180685&Prime;][vc_empty_space empty_h=\u00a0\u00bb1&Prime;][vc_custom_heading text_color=\u00a0\u00bbcolor-jevc\u00a0\u00bb text_size=\u00a0\u00bbh4&Prime; text_weight=\u00a0\u00bb500&Prime; uncode_shortcode_id=\u00a0\u00bb115651&Prime; text_color_type=\u00a0\u00bbuncode-palette\u00a0\u00bb]<strong>Vrenezi Lindita<\/strong>[\/vc_custom_heading][vc_column_text text_color=\u00a0\u00bbcolor-jevc\u00a0\u00bb uncode_shortcode_id=\u00a0\u00bb204463&Prime; text_color_type=\u00a0\u00bbuncode-palette\u00a0\u00bb]<\/p>\n<div class=\"page\" title=\"Page 1\">\n<div class=\"section\">\n<div class=\"layoutArea\">\n<div class=\"column\">\n<p class=\"p1\">Psychologue clinicienne, psychoth\u00e9rapeute syst\u00e9micienne<br \/>\n<strong>Brustar \/ Brumenta \/ Domicile<\/strong><\/p>\n<\/div>\n<\/div>\n<\/div>\n<\/div>\n<p>[\/vc_column_text][vc_empty_space empty_h=\u00a0\u00bb1&Prime;][vc_button button_color=\u00a0\u00bbcolor-jevc\u00a0\u00bb hover_fx=\u00a0\u00bboutlined\u00a0\u00bb outline=\u00a0\u00bbyes\u00a0\u00bb border_width=\u00a0\u00bb0&Prime; button_color_type=\u00a0\u00bbuncode-palette\u00a0\u00bb uncode_shortcode_id=\u00a0\u00bb193789&Prime; link=\u00a0\u00bburl:https%3A%2F%2Fespacesantefamille.be%2Findex.php%2Fvrenezi-lindita%2F|title:Vrenezi%20Lindita\u00a0\u00bb]Voir la fiche \u00bb[\/vc_button][\/vc_column_inner][vc_column_inner column_width_percent=\u00a0\u00bb100&Prime; gutter_size=\u00a0\u00bb1&Prime; overlay_alpha=\u00a0\u00bb50&Prime; shift_x=\u00a0\u00bb0&Prime; shift_y=\u00a0\u00bb0&Prime; shift_y_down=\u00a0\u00bb0&Prime; z_index=\u00a0\u00bb0&Prime; medium_width=\u00a0\u00bb0&Prime; mobile_width=\u00a0\u00bb0&Prime; width=\u00a0\u00bb1\/3&Prime; uncode_shortcode_id=\u00a0\u00bb101362&Prime;][vc_single_image media=\u00a0\u00bb118590&Prime; media_width_percent=\u00a0\u00bb34&Prime; uncode_shortcode_id=\u00a0\u00bb778411&Prime;][vc_empty_space empty_h=\u00a0\u00bb1&Prime;][vc_custom_heading text_color=\u00a0\u00bbcolor-jevc\u00a0\u00bb text_size=\u00a0\u00bbh4&Prime; text_weight=\u00a0\u00bb500&Prime; uncode_shortcode_id=\u00a0\u00bb648724&Prime; text_color_type=\u00a0\u00bbuncode-palette\u00a0\u00bb]<strong>Nadine Karadsheh<\/strong>[\/vc_custom_heading][vc_column_text text_color=\u00a0\u00bbcolor-jevc\u00a0\u00bb uncode_shortcode_id=\u00a0\u00bb185952&Prime; text_color_type=\u00a0\u00bbuncode-palette\u00a0\u00bb]<\/p>\n<div class=\"page\" title=\"Page 1\">\n<div class=\"section\">\n<div class=\"layoutArea\">\n<div class=\"column\">\n<p class=\"p1\">Psychologue clinicienne<\/p>\n<\/div>\n<\/div>\n<\/div>\n<\/div>\n<p>[\/vc_column_text][vc_empty_space empty_h=\u00a0\u00bb1&Prime;][vc_button button_color=\u00a0\u00bbcolor-jevc\u00a0\u00bb hover_fx=\u00a0\u00bboutlined\u00a0\u00bb outline=\u00a0\u00bbyes\u00a0\u00bb border_width=\u00a0\u00bb0&Prime; button_color_type=\u00a0\u00bbuncode-palette\u00a0\u00bb uncode_shortcode_id=\u00a0\u00bb542502&Prime; link=\u00a0\u00bburl:https%3A%2F%2Fespacesantefamille.be%2Findex.php%2Fnadine-karadsheh%2F|title:Nadine%20Karadsheh\u00a0\u00bb]Voir la fiche \u00bb[\/vc_button][\/vc_column_inner][\/vc_row_inner][vc_row_inner limit_content=\u00a0\u00bb\u00a0\u00bb][vc_column_inner column_width_percent=\u00a0\u00bb100&Prime; gutter_size=\u00a0\u00bb1&Prime; overlay_alpha=\u00a0\u00bb50&Prime; shift_x=\u00a0\u00bb0&Prime; shift_y=\u00a0\u00bb0&Prime; shift_y_down=\u00a0\u00bb0&Prime; z_index=\u00a0\u00bb0&Prime; medium_width=\u00a0\u00bb0&Prime; mobile_width=\u00a0\u00bb0&Prime; width=\u00a0\u00bb1\/3&Prime; uncode_shortcode_id=\u00a0\u00bb150574&Prime;][vc_empty_space empty_h=\u00a0\u00bb1&Prime;][vc_empty_space empty_h=\u00a0\u00bb1&Prime;][\/vc_column_inner][vc_column_inner column_width_percent=\u00a0\u00bb100&Prime; gutter_size=\u00a0\u00bb1&Prime; overlay_alpha=\u00a0\u00bb50&Prime; shift_x=\u00a0\u00bb0&Prime; shift_y=\u00a0\u00bb0&Prime; shift_y_down=\u00a0\u00bb0&Prime; z_index=\u00a0\u00bb0&Prime; medium_width=\u00a0\u00bb0&Prime; mobile_width=\u00a0\u00bb0&Prime; width=\u00a0\u00bb1\/3&Prime; uncode_shortcode_id=\u00a0\u00bb138097&Prime;][vc_empty_space empty_h=\u00a0\u00bb1&Prime;][vc_empty_space empty_h=\u00a0\u00bb1&Prime;][\/vc_column_inner][vc_column_inner column_width_percent=\u00a0\u00bb100&Prime; gutter_size=\u00a0\u00bb1&Prime; overlay_alpha=\u00a0\u00bb50&Prime; shift_x=\u00a0\u00bb0&Prime; shift_y=\u00a0\u00bb0&Prime; shift_y_down=\u00a0\u00bb0&Prime; z_index=\u00a0\u00bb0&Prime; medium_width=\u00a0\u00bb0&Prime; mobile_width=\u00a0\u00bb0&Prime; width=\u00a0\u00bb1\/3&Prime; uncode_shortcode_id=\u00a0\u00bb101362&Prime;][vc_empty_space empty_h=\u00a0\u00bb1&Prime;][\/vc_column_inner][\/vc_row_inner][\/vc_column][\/vc_row]<\/p>\n<\/div>","protected":false},"excerpt":{"rendered":"<p>[vc_row row_height_percent=\u00a0\u00bb85&Prime; override_padding=\u00a0\u00bbyes\u00a0\u00bb h_padding=\u00a0\u00bb2&Prime; top_padding=\u00a0\u00bb5&Prime; bottom_padding=\u00a0\u00bb5&Prime; back_image=\u00a0\u00bb118310&Prime; back_position=\u00a0\u00bbcenter center\u00a0\u00bb overlay_color=\u00a0\u00bbcolor-rgdb\u00a0\u00bb overlay_alpha=\u00a0\u00bb0&Prime; gutter_size=\u00a0\u00bb3&Prime; column_width_percent=\u00a0\u00bb100&Prime; shift_y=\u00a0\u00bb0&Prime; z_index=\u00a0\u00bb0&Prime; top_divider=\u00a0\u00bbgradient\u00a0\u00bb uncode_shortcode_id=\u00a0\u00bb169650&Prime; overlay_color_type=\u00a0\u00bbuncode-palette\u00a0\u00bb][vc_column column_width_percent=\u00a0\u00bb100&Prime; position_vertical=\u00a0\u00bbmiddle\u00a0\u00bb [&hellip;]<\/p>\n","protected":false},"author":1,"featured_media":0,"parent":0,"menu_order":0,"comment_status":"closed","ping_status":"closed","template":"","meta":{"footnotes":""},"class_list":["post-118304","page","type-page","status-publish","hentry"],"_links":{"self":[{"href":"https:\/\/espacesantefamille.be\/index.php\/wp-json\/wp\/v2\/pages\/118304","targetHints":{"allow":["GET"]}}],"collection":[{"href":"https:\/\/espacesantefamille.be\/index.php\/wp-json\/wp\/v2\/pages"}],"about":[{"href":"https:\/\/espacesantefamille.be\/index.php\/wp-json\/wp\/v2\/types\/page"}],"author":[{"embeddable":true,"href":"https:\/\/espacesantefamille.be\/index.php\/wp-json\/wp\/v2\/users\/1"}],"replies":[{"embeddable":true,"href":"https:\/\/espacesantefamille.be\/index.php\/wp-json\/wp\/v2\/comments?post=118304"}],"version-history":[{"count":14,"href":"https:\/\/espacesantefamille.be\/index.php\/wp-json\/wp\/v2\/pages\/118304\/revisions"}],"predecessor-version":[{"id":118906,"href":"https:\/\/espacesantefamille.be\/index.php\/wp-json\/wp\/v2\/pages\/118304\/revisions\/118906"}],"wp:attachment":[{"href":"https:\/\/espacesantefamille.be\/index.php\/wp-json\/wp\/v2\/media?parent=118304"}],"curies":[{"name":"wp","href":"https:\/\/api.w.org\/{rel}","templated":true}]}}