{"id":118313,"date":"2023-08-24T14:29:45","date_gmt":"2023-08-24T12:29:45","guid":{"rendered":"https:\/\/espacesantefamille.be\/?page_id=118313"},"modified":"2025-11-15T15:46:24","modified_gmt":"2025-11-15T14:46:24","slug":"exil","status":"publish","type":"page","link":"https:\/\/espacesantefamille.be\/index.php\/exil\/","title":{"rendered":"Exil"},"content":{"rendered":"<div class=\"wpb-content-wrapper\"><p>[vc_row row_height_percent=\u00a0\u00bb85&Prime; override_padding=\u00a0\u00bbyes\u00a0\u00bb h_padding=\u00a0\u00bb2&Prime; top_padding=\u00a0\u00bb5&Prime; bottom_padding=\u00a0\u00bb5&Prime; back_image=\u00a0\u00bb118373&Prime; back_position=\u00a0\u00bbcenter center\u00a0\u00bb overlay_color=\u00a0\u00bbcolor-rgdb\u00a0\u00bb overlay_alpha=\u00a0\u00bb0&Prime; gutter_size=\u00a0\u00bb3&Prime; column_width_percent=\u00a0\u00bb100&Prime; shift_y=\u00a0\u00bb0&Prime; z_index=\u00a0\u00bb0&Prime; top_divider=\u00a0\u00bbgradient\u00a0\u00bb uncode_shortcode_id=\u00a0\u00bb907412&Prime; overlay_color_type=\u00a0\u00bbuncode-palette\u00a0\u00bb][vc_column column_width_percent=\u00a0\u00bb100&Prime; position_vertical=\u00a0\u00bbmiddle\u00a0\u00bb gutter_size=\u00a0\u00bb2&Prime; style=\u00a0\u00bbdark\u00a0\u00bb overlay_alpha=\u00a0\u00bb50&Prime; shift_x=\u00a0\u00bb0&Prime; shift_y=\u00a0\u00bb0&Prime; shift_y_down=\u00a0\u00bb0&Prime; z_index=\u00a0\u00bb0&Prime; medium_width=\u00a0\u00bb0&Prime; mobile_width=\u00a0\u00bb0&Prime; width=\u00a0\u00bb1\/1&Prime;][\/vc_column][\/vc_row][vc_row row_height_percent=\u00a0\u00bb0&Prime; override_padding=\u00a0\u00bbyes\u00a0\u00bb h_padding=\u00a0\u00bb2&Prime; top_padding=\u00a0\u00bb4&Prime; bottom_padding=\u00a0\u00bb4&Prime; back_color=\u00a0\u00bbcolor-xsdn\u00a0\u00bb overlay_alpha=\u00a0\u00bb50&Prime; gutter_size=\u00a0\u00bb3&Prime; column_width_percent=\u00a0\u00bb100&Prime; shift_y=\u00a0\u00bb0&Prime; z_index=\u00a0\u00bb0&Prime; uncode_shortcode_id=\u00a0\u00bb212747&Prime; back_color_type=\u00a0\u00bbuncode-palette\u00a0\u00bb][vc_column width=\u00a0\u00bb1\/1&Prime;][vc_row_inner limit_content=\u00a0\u00bb\u00a0\u00bb][vc_column_inner column_width_percent=\u00a0\u00bb100&Prime; gutter_size=\u00a0\u00bb1&Prime; overlay_alpha=\u00a0\u00bb50&Prime; shift_x=\u00a0\u00bb0&Prime; shift_y=\u00a0\u00bb0&Prime; shift_y_down=\u00a0\u00bb0&Prime; z_index=\u00a0\u00bb0&Prime; medium_width=\u00a0\u00bb0&Prime; mobile_width=\u00a0\u00bb0&Prime; width=\u00a0\u00bb1\/3&Prime; uncode_shortcode_id=\u00a0\u00bb150574&Prime;][vc_single_image media=\u00a0\u00bb118282&Prime; media_width_percent=\u00a0\u00bb34&Prime; uncode_shortcode_id=\u00a0\u00bb118147&Prime;][vc_empty_space empty_h=\u00a0\u00bb1&Prime;][vc_custom_heading text_color=\u00a0\u00bbcolor-jevc\u00a0\u00bb text_size=\u00a0\u00bbh4&Prime; text_weight=\u00a0\u00bb500&Prime; uncode_shortcode_id=\u00a0\u00bb105831&Prime; text_color_type=\u00a0\u00bbuncode-palette\u00a0\u00bb]<strong>Agalliu Paola <\/strong>[\/vc_custom_heading][vc_column_text text_color=\u00a0\u00bbcolor-jevc\u00a0\u00bb uncode_shortcode_id=\u00a0\u00bb555352&Prime; text_color_type=\u00a0\u00bbuncode-palette\u00a0\u00bb]<\/p>\n<div class=\"page\" title=\"Page 1\">\n<div class=\"section\">\n<div class=\"layoutArea\">\n<div class=\"column\">\n<p>Psychologue Clinicienne, Neuropsychologue, Psychoth\u00e9rapeute EMDR &amp; Th\u00e9rapie Cignitivo-Comportementale<\/p>\n<\/div>\n<\/div>\n<\/div>\n<\/div>\n<p>[\/vc_column_text][vc_empty_space empty_h=\u00a0\u00bb1&Prime;][vc_button button_color=\u00a0\u00bbcolor-jevc\u00a0\u00bb hover_fx=\u00a0\u00bboutlined\u00a0\u00bb outline=\u00a0\u00bbyes\u00a0\u00bb border_width=\u00a0\u00bb0&Prime; button_color_type=\u00a0\u00bbuncode-palette\u00a0\u00bb uncode_shortcode_id=\u00a0\u00bb164913&Prime; link=\u00a0\u00bburl:https%3A%2F%2Fespacesantefamille.be%2Findex.php%2Fagalliu-paola%2F|title:Agalliu-Paola\u00a0\u00bb]Voir la fiche \u00bb[\/vc_button][\/vc_column_inner][vc_column_inner column_width_percent=\u00a0\u00bb100&Prime; gutter_size=\u00a0\u00bb1&Prime; overlay_alpha=\u00a0\u00bb50&Prime; shift_x=\u00a0\u00bb0&Prime; shift_y=\u00a0\u00bb0&Prime; shift_y_down=\u00a0\u00bb0&Prime; z_index=\u00a0\u00bb0&Prime; medium_width=\u00a0\u00bb0&Prime; mobile_width=\u00a0\u00bb0&Prime; width=\u00a0\u00bb1\/3&Prime; uncode_shortcode_id=\u00a0\u00bb138097&Prime;][vc_single_image media=\u00a0\u00bb118579&Prime; media_width_percent=\u00a0\u00bb34&Prime; uncode_shortcode_id=\u00a0\u00bb143078&Prime;][vc_empty_space empty_h=\u00a0\u00bb1&Prime;][vc_custom_heading text_color=\u00a0\u00bbcolor-jevc\u00a0\u00bb text_size=\u00a0\u00bbh4&Prime; text_weight=\u00a0\u00bb500&Prime; uncode_shortcode_id=\u00a0\u00bb209899&Prime; text_color_type=\u00a0\u00bbuncode-palette\u00a0\u00bb]<strong>Aksoy Masum<\/strong>[\/vc_custom_heading][vc_column_text text_color=\u00a0\u00bbcolor-jevc\u00a0\u00bb uncode_shortcode_id=\u00a0\u00bb219188&Prime; text_color_type=\u00a0\u00bbuncode-palette\u00a0\u00bb]<\/p>\n<div class=\"page\" title=\"Page 1\">\n<div class=\"section\">\n<div class=\"layoutArea\">\n<div class=\"column\">\n<p>Licenci\u00e9 en psychologie clinique, th\u00e9rapie de groupe, trauma, exil<\/p><\/div>\n<\/div>\n<\/div>\n<\/div>\n<p>[\/vc_column_text][vc_empty_space empty_h=\u00a0\u00bb1&Prime;][vc_button button_color=\u00a0\u00bbcolor-jevc\u00a0\u00bb hover_fx=\u00a0\u00bboutlined\u00a0\u00bb outline=\u00a0\u00bbyes\u00a0\u00bb border_width=\u00a0\u00bb0&Prime; button_color_type=\u00a0\u00bbuncode-palette\u00a0\u00bb uncode_shortcode_id=\u00a0\u00bb166208&Prime; link=\u00a0\u00bburl:https%3A%2F%2Fespacesantefamille.be%2Findex.php%2Faksoy-masum%2F|title:Agalliu-Paola\u00a0\u00bb]Voir la fiche \u00bb[\/vc_button][\/vc_column_inner][vc_column_inner column_width_percent=\u00a0\u00bb100&Prime; gutter_size=\u00a0\u00bb1&Prime; overlay_alpha=\u00a0\u00bb50&Prime; shift_x=\u00a0\u00bb0&Prime; shift_y=\u00a0\u00bb0&Prime; shift_y_down=\u00a0\u00bb0&Prime; z_index=\u00a0\u00bb0&Prime; medium_width=\u00a0\u00bb0&Prime; mobile_width=\u00a0\u00bb0&Prime; width=\u00a0\u00bb1\/3&Prime; uncode_shortcode_id=\u00a0\u00bb101362&Prime;][vc_single_image media=\u00a0\u00bb118580&Prime; media_width_percent=\u00a0\u00bb34&Prime; uncode_shortcode_id=\u00a0\u00bb186211&Prime;][vc_empty_space empty_h=\u00a0\u00bb1&Prime;][vc_custom_heading text_color=\u00a0\u00bbcolor-jevc\u00a0\u00bb text_size=\u00a0\u00bbh4&Prime; text_weight=\u00a0\u00bb500&Prime; uncode_shortcode_id=\u00a0\u00bb676238&Prime; text_color_type=\u00a0\u00bbuncode-palette\u00a0\u00bb]<strong>Deniz Rumeysa<\/strong>[\/vc_custom_heading][vc_column_text text_color=\u00a0\u00bbcolor-jevc\u00a0\u00bb uncode_shortcode_id=\u00a0\u00bb266840&Prime; text_color_type=\u00a0\u00bbuncode-palette\u00a0\u00bb]<\/p>\n<div class=\"page\" title=\"Page 1\">\n<div class=\"section\">\n<div class=\"layoutArea\">\n<div class=\"column\">\n<p>Psychologue clinicienne<br \/>\n<strong>Brustar<\/strong><\/div>\n<\/div>\n<\/div>\n<\/div>\n<p>[\/vc_column_text][vc_empty_space empty_h=\u00a0\u00bb1&Prime;][vc_button button_color=\u00a0\u00bbcolor-jevc\u00a0\u00bb hover_fx=\u00a0\u00bboutlined\u00a0\u00bb outline=\u00a0\u00bbyes\u00a0\u00bb border_width=\u00a0\u00bb0&Prime; button_color_type=\u00a0\u00bbuncode-palette\u00a0\u00bb uncode_shortcode_id=\u00a0\u00bb152608&Prime; link=\u00a0\u00bburl:https%3A%2F%2Fespacesantefamille.be%2Findex.php%2Fdeniz-rumeysa%2F|title:Agalliu-Paola\u00a0\u00bb]Voir la fiche \u00bb[\/vc_button][\/vc_column_inner][\/vc_row_inner][vc_row_inner limit_content=\u00a0\u00bb\u00a0\u00bb][vc_column_inner column_width_percent=\u00a0\u00bb100&Prime; gutter_size=\u00a0\u00bb1&Prime; overlay_alpha=\u00a0\u00bb50&Prime; shift_x=\u00a0\u00bb0&Prime; shift_y=\u00a0\u00bb0&Prime; shift_y_down=\u00a0\u00bb0&Prime; z_index=\u00a0\u00bb0&Prime; medium_width=\u00a0\u00bb0&Prime; mobile_width=\u00a0\u00bb0&Prime; width=\u00a0\u00bb1\/3&Prime; uncode_shortcode_id=\u00a0\u00bb150574&Prime;][vc_single_image media=\u00a0\u00bb118587&Prime; media_width_percent=\u00a0\u00bb34&Prime; uncode_shortcode_id=\u00a0\u00bb129047&Prime;][vc_empty_space empty_h=\u00a0\u00bb1&Prime;][vc_custom_heading text_color=\u00a0\u00bbcolor-jevc\u00a0\u00bb text_size=\u00a0\u00bbh4&Prime; text_weight=\u00a0\u00bb500&Prime; uncode_shortcode_id=\u00a0\u00bb688653&Prime; text_color_type=\u00a0\u00bbuncode-palette\u00a0\u00bb]<strong>Namaki Zahara <\/strong>[\/vc_custom_heading][vc_column_text text_color=\u00a0\u00bbcolor-jevc\u00a0\u00bb uncode_shortcode_id=\u00a0\u00bb342801&Prime; text_color_type=\u00a0\u00bbuncode-palette\u00a0\u00bb]<\/p>\n<div class=\"page\" title=\"Page 1\">\n<div class=\"section\">\n<div class=\"layoutArea\">\n<div class=\"column\">\n<p>Klinische Psycholoog, EMDR Therapist<\/p><\/div>\n<\/div>\n<\/div>\n<\/div>\n<p>[\/vc_column_text][vc_empty_space empty_h=\u00a0\u00bb1&Prime;][vc_button button_color=\u00a0\u00bbcolor-jevc\u00a0\u00bb hover_fx=\u00a0\u00bboutlined\u00a0\u00bb outline=\u00a0\u00bbyes\u00a0\u00bb border_width=\u00a0\u00bb0&Prime; button_color_type=\u00a0\u00bbuncode-palette\u00a0\u00bb uncode_shortcode_id=\u00a0\u00bb579369&Prime; link=\u00a0\u00bburl:https%3A%2F%2Fespacesantefamille.be%2Findex.php%2Fnamaki-zahara%2F|title:Namaki%20Zahara\u00a0\u00bb]Voir la fiche \u00bb[\/vc_button][\/vc_column_inner][vc_column_inner column_width_percent=\u00a0\u00bb100&Prime; gutter_size=\u00a0\u00bb1&Prime; overlay_alpha=\u00a0\u00bb50&Prime; shift_x=\u00a0\u00bb0&Prime; shift_y=\u00a0\u00bb0&Prime; shift_y_down=\u00a0\u00bb0&Prime; z_index=\u00a0\u00bb0&Prime; medium_width=\u00a0\u00bb0&Prime; mobile_width=\u00a0\u00bb0&Prime; width=\u00a0\u00bb1\/3&Prime; uncode_shortcode_id=\u00a0\u00bb138097&Prime;][vc_single_image media=\u00a0\u00bb118571&Prime; media_width_percent=\u00a0\u00bb34&Prime; uncode_shortcode_id=\u00a0\u00bb356490&Prime;][vc_empty_space empty_h=\u00a0\u00bb1&Prime;][vc_custom_heading text_color=\u00a0\u00bbcolor-jevc\u00a0\u00bb text_size=\u00a0\u00bbh4&Prime; text_weight=\u00a0\u00bb500&Prime; uncode_shortcode_id=\u00a0\u00bb144256&Prime; text_color_type=\u00a0\u00bbuncode-palette\u00a0\u00bb]<strong>Oztoprak Ebru <\/strong>[\/vc_custom_heading][vc_column_text text_color=\u00a0\u00bbcolor-jevc\u00a0\u00bb uncode_shortcode_id=\u00a0\u00bb601230&Prime; text_color_type=\u00a0\u00bbuncode-palette\u00a0\u00bb]<\/p>\n<div class=\"page\" title=\"Page 1\">\n<div class=\"section\">\n<div class=\"layoutArea\">\n<div class=\"column\">\n<p class=\"p1\">Psychologue clinicienne<br \/>\n1\u00e8re ligne, syst\u00e9mique, trauma et exil<br \/>\n<strong>Brustar \/ Brumenta \/ Domicile<\/strong><\/p>\n<\/div>\n<\/div>\n<\/div>\n<\/div>\n<p>[\/vc_column_text][vc_empty_space empty_h=\u00a0\u00bb1&Prime;][vc_button button_color=\u00a0\u00bbcolor-jevc\u00a0\u00bb hover_fx=\u00a0\u00bboutlined\u00a0\u00bb outline=\u00a0\u00bbyes\u00a0\u00bb border_width=\u00a0\u00bb0&Prime; button_color_type=\u00a0\u00bbuncode-palette\u00a0\u00bb uncode_shortcode_id=\u00a0\u00bb155045&Prime; link=\u00a0\u00bburl:https%3A%2F%2Fespacesantefamille.be%2Findex.php%2Foztoprak-ebru%2F|title:Oztoprak%20Ebru\u00a0\u00bb]Voir la fiche \u00bb[\/vc_button][\/vc_column_inner][vc_column_inner column_width_percent=\u00a0\u00bb100&Prime; gutter_size=\u00a0\u00bb1&Prime; overlay_alpha=\u00a0\u00bb50&Prime; shift_x=\u00a0\u00bb0&Prime; shift_y=\u00a0\u00bb0&Prime; shift_y_down=\u00a0\u00bb0&Prime; z_index=\u00a0\u00bb0&Prime; medium_width=\u00a0\u00bb0&Prime; mobile_width=\u00a0\u00bb0&Prime; width=\u00a0\u00bb1\/3&Prime; uncode_shortcode_id=\u00a0\u00bb101362&Prime;][vc_single_image media=\u00a0\u00bb118588&Prime; media_width_percent=\u00a0\u00bb34&Prime; uncode_shortcode_id=\u00a0\u00bb152892&Prime;][vc_empty_space empty_h=\u00a0\u00bb1&Prime;][vc_custom_heading text_color=\u00a0\u00bbcolor-jevc\u00a0\u00bb text_size=\u00a0\u00bbh4&Prime; text_weight=\u00a0\u00bb500&Prime; uncode_shortcode_id=\u00a0\u00bb496815&Prime; text_color_type=\u00a0\u00bbuncode-palette\u00a0\u00bb]<strong>Taveira Ferreira Tiago<\/strong>[\/vc_custom_heading][vc_column_text text_color=\u00a0\u00bbcolor-jevc\u00a0\u00bb uncode_shortcode_id=\u00a0\u00bb853412&Prime; text_color_type=\u00a0\u00bbuncode-palette\u00a0\u00bb]<\/p>\n<div class=\"page\" title=\"Page 1\">\n<div class=\"section\">\n<div class=\"layoutArea\">\n<div class=\"column\">\n<p class=\"p1\">Psychologue clinicien, psychologue du travail. Interculturalit\u00e9, exil, trauma, bien-\u00eatre au travail<br \/>\n<strong>Burnout<\/strong><\/p>\n<\/div>\n<\/div>\n<\/div>\n<\/div>\n<p>[\/vc_column_text][vc_empty_space empty_h=\u00a0\u00bb1&Prime;][vc_button button_color=\u00a0\u00bbcolor-jevc\u00a0\u00bb hover_fx=\u00a0\u00bboutlined\u00a0\u00bb outline=\u00a0\u00bbyes\u00a0\u00bb border_width=\u00a0\u00bb0&Prime; button_color_type=\u00a0\u00bbuncode-palette\u00a0\u00bb uncode_shortcode_id=\u00a0\u00bb130842&Prime; link=\u00a0\u00bburl:https%3A%2F%2Fespacesantefamille.be%2Findex.php%2Ftaveira-ferreira-tiago%2F|title:Taveira%20Ferreira%20Tiago\u00a0\u00bb]Voir la fiche \u00bb[\/vc_button][\/vc_column_inner][\/vc_row_inner][vc_row_inner limit_content=\u00a0\u00bb\u00a0\u00bb][vc_column_inner column_width_percent=\u00a0\u00bb100&Prime; gutter_size=\u00a0\u00bb1&Prime; overlay_alpha=\u00a0\u00bb50&Prime; shift_x=\u00a0\u00bb0&Prime; shift_y=\u00a0\u00bb0&Prime; shift_y_down=\u00a0\u00bb0&Prime; z_index=\u00a0\u00bb0&Prime; medium_width=\u00a0\u00bb0&Prime; mobile_width=\u00a0\u00bb0&Prime; width=\u00a0\u00bb1\/3&Prime; uncode_shortcode_id=\u00a0\u00bb150574&Prime;][vc_single_image media=\u00a0\u00bb118589&Prime; media_width_percent=\u00a0\u00bb34&Prime; uncode_shortcode_id=\u00a0\u00bb423826&Prime;][vc_empty_space empty_h=\u00a0\u00bb1&Prime;][vc_custom_heading text_color=\u00a0\u00bbcolor-jevc\u00a0\u00bb text_size=\u00a0\u00bbh4&Prime; text_weight=\u00a0\u00bb500&Prime; uncode_shortcode_id=\u00a0\u00bb813469&Prime; text_color_type=\u00a0\u00bbuncode-palette\u00a0\u00bb]<strong>Van Uffel Erwin<\/strong>[\/vc_custom_heading][vc_column_text text_color=\u00a0\u00bbcolor-jevc\u00a0\u00bb uncode_shortcode_id=\u00a0\u00bb119091&Prime; text_color_type=\u00a0\u00bbuncode-palette\u00a0\u00bb]<\/p>\n<div class=\"page\" title=\"Page 1\">\n<div class=\"section\">\n<div class=\"layoutArea\">\n<div class=\"column\">\n<p class=\"p1\">Psychologue clinicien, 1\u00e8re ligne, EMDR, mindfullness, m\u00e9ditation, th\u00e9rapeute psycho-corporel<br \/>\n<strong>Brumenta<\/strong><\/p>\n<\/div>\n<\/div>\n<\/div>\n<\/div>\n<p>[\/vc_column_text][vc_button button_color=\u00a0\u00bbcolor-jevc\u00a0\u00bb hover_fx=\u00a0\u00bboutlined\u00a0\u00bb outline=\u00a0\u00bbyes\u00a0\u00bb border_width=\u00a0\u00bb0&Prime; button_color_type=\u00a0\u00bbuncode-palette\u00a0\u00bb uncode_shortcode_id=\u00a0\u00bb404795&Prime; link=\u00a0\u00bburl:https%3A%2F%2Fespacesantefamille.be%2Findex.php%2Fvan-uffel-erwin%2F|title:Van%20Uffel%20Erwin\u00a0\u00bb]Voir la fiche \u00bb[\/vc_button][\/vc_column_inner][vc_column_inner column_width_percent=\u00a0\u00bb100&Prime; gutter_size=\u00a0\u00bb1&Prime; overlay_alpha=\u00a0\u00bb50&Prime; shift_x=\u00a0\u00bb0&Prime; shift_y=\u00a0\u00bb0&Prime; shift_y_down=\u00a0\u00bb0&Prime; z_index=\u00a0\u00bb0&Prime; medium_width=\u00a0\u00bb0&Prime; mobile_width=\u00a0\u00bb0&Prime; width=\u00a0\u00bb1\/3&Prime; uncode_shortcode_id=\u00a0\u00bb138097&Prime;][vc_single_image media=\u00a0\u00bb118508&Prime; media_width_percent=\u00a0\u00bb34&Prime; uncode_shortcode_id=\u00a0\u00bb180685&Prime;][vc_empty_space empty_h=\u00a0\u00bb1&Prime;][vc_custom_heading text_color=\u00a0\u00bbcolor-jevc\u00a0\u00bb text_size=\u00a0\u00bbh4&Prime; text_weight=\u00a0\u00bb500&Prime; uncode_shortcode_id=\u00a0\u00bb115651&Prime; text_color_type=\u00a0\u00bbuncode-palette\u00a0\u00bb]<strong>Vrenezi Lindita<\/strong>[\/vc_custom_heading][vc_column_text text_color=\u00a0\u00bbcolor-jevc\u00a0\u00bb uncode_shortcode_id=\u00a0\u00bb153968&Prime; text_color_type=\u00a0\u00bbuncode-palette\u00a0\u00bb]<\/p>\n<div class=\"page\" title=\"Page 1\">\n<div class=\"section\">\n<div class=\"layoutArea\">\n<div class=\"column\">\n<p class=\"p1\">Psychologue clinicienne, psychoth\u00e9rapeute syst\u00e9micienne<br \/>\n<strong>Brustar \/ Brumenta \/ Domicile<\/strong><\/p>\n<\/div>\n<\/div>\n<\/div>\n<\/div>\n<p>[\/vc_column_text][vc_empty_space empty_h=\u00a0\u00bb1&Prime;][vc_button button_color=\u00a0\u00bbcolor-jevc\u00a0\u00bb hover_fx=\u00a0\u00bboutlined\u00a0\u00bb outline=\u00a0\u00bbyes\u00a0\u00bb border_width=\u00a0\u00bb0&Prime; button_color_type=\u00a0\u00bbuncode-palette\u00a0\u00bb uncode_shortcode_id=\u00a0\u00bb212729&Prime; link=\u00a0\u00bburl:https%3A%2F%2Fespacesantefamille.be%2Findex.php%2Fvrenezi-lindita%2F|title:Vrenezi%20Lindita\u00a0\u00bb]Voir la fiche \u00bb[\/vc_button][\/vc_column_inner][vc_column_inner column_width_percent=\u00a0\u00bb100&Prime; gutter_size=\u00a0\u00bb1&Prime; overlay_alpha=\u00a0\u00bb50&Prime; shift_x=\u00a0\u00bb0&Prime; shift_y=\u00a0\u00bb0&Prime; shift_y_down=\u00a0\u00bb0&Prime; z_index=\u00a0\u00bb0&Prime; medium_width=\u00a0\u00bb0&Prime; mobile_width=\u00a0\u00bb0&Prime; width=\u00a0\u00bb1\/3&Prime; uncode_shortcode_id=\u00a0\u00bb101362&Prime;][vc_single_image media=\u00a0\u00bb118590&Prime; media_width_percent=\u00a0\u00bb34&Prime; uncode_shortcode_id=\u00a0\u00bb778411&Prime;][vc_empty_space empty_h=\u00a0\u00bb1&Prime;][vc_custom_heading text_color=\u00a0\u00bbcolor-jevc\u00a0\u00bb text_size=\u00a0\u00bbh4&Prime; text_weight=\u00a0\u00bb500&Prime; uncode_shortcode_id=\u00a0\u00bb648724&Prime; text_color_type=\u00a0\u00bbuncode-palette\u00a0\u00bb]<strong>Nadine Karadsheh<\/strong>[\/vc_custom_heading][vc_column_text text_color=\u00a0\u00bbcolor-jevc\u00a0\u00bb uncode_shortcode_id=\u00a0\u00bb185952&Prime; text_color_type=\u00a0\u00bbuncode-palette\u00a0\u00bb]<\/p>\n<div class=\"page\" title=\"Page 1\">\n<div class=\"section\">\n<div class=\"layoutArea\">\n<div class=\"column\">\n<p class=\"p1\">Psychologue clinicienne<\/p>\n<\/div>\n<\/div>\n<\/div>\n<\/div>\n<p>[\/vc_column_text][vc_empty_space empty_h=\u00a0\u00bb1&Prime;][vc_button button_color=\u00a0\u00bbcolor-jevc\u00a0\u00bb hover_fx=\u00a0\u00bboutlined\u00a0\u00bb outline=\u00a0\u00bbyes\u00a0\u00bb border_width=\u00a0\u00bb0&Prime; button_color_type=\u00a0\u00bbuncode-palette\u00a0\u00bb uncode_shortcode_id=\u00a0\u00bb236320&Prime; link=\u00a0\u00bburl:https%3A%2F%2Fespacesantefamille.be%2Findex.php%2Fnadine-karadsheh%2F|title:Nadine%20Karadsheh\u00a0\u00bb]Voir la fiche \u00bb[\/vc_button][\/vc_column_inner][\/vc_row_inner][vc_row_inner limit_content=\u00a0\u00bb\u00a0\u00bb][vc_column_inner column_width_percent=\u00a0\u00bb100&Prime; gutter_size=\u00a0\u00bb1&Prime; overlay_alpha=\u00a0\u00bb50&Prime; shift_x=\u00a0\u00bb0&Prime; shift_y=\u00a0\u00bb0&Prime; shift_y_down=\u00a0\u00bb0&Prime; z_index=\u00a0\u00bb0&Prime; medium_width=\u00a0\u00bb0&Prime; mobile_width=\u00a0\u00bb0&Prime; width=\u00a0\u00bb1\/3&Prime; uncode_shortcode_id=\u00a0\u00bb150574&Prime;][vc_single_image media=\u00a0\u00bb118910&Prime; media_width_percent=\u00a0\u00bb34&Prime; uncode_shortcode_id=\u00a0\u00bb125131&Prime;][vc_empty_space empty_h=\u00a0\u00bb2&Prime;][vc_custom_heading text_color=\u00a0\u00bbcolor-jevc\u00a0\u00bb text_size=\u00a0\u00bbh4&Prime; text_weight=\u00a0\u00bb500&Prime; uncode_shortcode_id=\u00a0\u00bb982692&Prime; text_color_type=\u00a0\u00bbuncode-palette\u00a0\u00bb]Maheen Zahid[\/vc_custom_heading][vc_column_text text_color=\u00a0\u00bbcolor-jevc\u00a0\u00bb uncode_shortcode_id=\u00a0\u00bb291013&Prime; text_color_type=\u00a0\u00bbuncode-palette\u00a0\u00bb]<\/p>\n<div class=\"page\" title=\"Page 1\">\n<div class=\"section\">\n<div class=\"layoutArea\">\n<div class=\"column\">\n<p>Psychologue clinicienne et interculturelle exil, trauma, adulte, couple, famille.<\/p>\n<\/div>\n<\/div>\n<\/div>\n<\/div>\n<p>[\/vc_column_text][vc_empty_space empty_h=\u00a0\u00bb2&Prime;][vc_button button_color=\u00a0\u00bbcolor-jevc\u00a0\u00bb hover_fx=\u00a0\u00bboutlined\u00a0\u00bb outline=\u00a0\u00bbyes\u00a0\u00bb border_width=\u00a0\u00bb0&Prime; button_color_type=\u00a0\u00bbuncode-palette\u00a0\u00bb uncode_shortcode_id=\u00a0\u00bb797233&Prime; link=\u00a0\u00bburl:https%3A%2F%2Fespacesantefamille.be%2Findex.php%2Fmaheed-zahid%2F|title:Agalliu-Paola\u00a0\u00bb]Voir la fiche \u00bb[\/vc_button][\/vc_column_inner][vc_column_inner column_width_percent=\u00a0\u00bb100&Prime; gutter_size=\u00a0\u00bb1&Prime; overlay_alpha=\u00a0\u00bb50&Prime; shift_x=\u00a0\u00bb0&Prime; shift_y=\u00a0\u00bb0&Prime; shift_y_down=\u00a0\u00bb0&Prime; z_index=\u00a0\u00bb0&Prime; medium_width=\u00a0\u00bb0&Prime; mobile_width=\u00a0\u00bb0&Prime; width=\u00a0\u00bb1\/3&Prime; uncode_shortcode_id=\u00a0\u00bb138097&Prime;][vc_single_image media=\u00a0\u00bb118934&Prime; media_width_percent=\u00a0\u00bb34&Prime; uncode_shortcode_id=\u00a0\u00bb212025&Prime;][vc_empty_space empty_h=\u00a0\u00bb2&Prime;][vc_custom_heading text_color=\u00a0\u00bbcolor-jevc\u00a0\u00bb text_size=\u00a0\u00bbh4&Prime; text_weight=\u00a0\u00bb500&Prime; uncode_shortcode_id=\u00a0\u00bb115839&Prime; text_color_type=\u00a0\u00bbuncode-palette\u00a0\u00bb]Myriam barbara[\/vc_custom_heading][vc_column_text text_color=\u00a0\u00bbcolor-jevc\u00a0\u00bb uncode_shortcode_id=\u00a0\u00bb317580&Prime; text_color_type=\u00a0\u00bbuncode-palette\u00a0\u00bb]<\/p>\n<div class=\"page\" title=\"Page 1\">\n<div class=\"section\">\n<div class=\"layoutArea\">\n<div class=\"column\">\n<p>Psychologue clinicienne sp\u00e9cialis\u00e9e dans l&rsquo;exil et le traumatisme<\/p>\n<\/div>\n<\/div>\n<\/div>\n<\/div>\n<p>[\/vc_column_text][vc_empty_space empty_h=\u00a0\u00bb2&Prime;][vc_button button_color=\u00a0\u00bbcolor-jevc\u00a0\u00bb hover_fx=\u00a0\u00bboutlined\u00a0\u00bb outline=\u00a0\u00bbyes\u00a0\u00bb border_width=\u00a0\u00bb0&Prime; button_color_type=\u00a0\u00bbuncode-palette\u00a0\u00bb uncode_shortcode_id=\u00a0\u00bb673745&Prime; link=\u00a0\u00bburl:https%3A%2F%2Fespacesantefamille.be%2Findex.php%2Fmyriam-barbara%2F|title:Agalliu-Paola\u00a0\u00bb]Voir la fiche \u00bb[\/vc_button][\/vc_column_inner][vc_column_inner column_width_percent=\u00a0\u00bb100&Prime; gutter_size=\u00a0\u00bb1&Prime; overlay_alpha=\u00a0\u00bb50&Prime; shift_x=\u00a0\u00bb0&Prime; shift_y=\u00a0\u00bb0&Prime; shift_y_down=\u00a0\u00bb0&Prime; z_index=\u00a0\u00bb0&Prime; medium_width=\u00a0\u00bb0&Prime; mobile_width=\u00a0\u00bb0&Prime; width=\u00a0\u00bb1\/3&Prime; uncode_shortcode_id=\u00a0\u00bb101362&Prime;][vc_single_image media=\u00a0\u00bb118955&Prime; media_width_percent=\u00a0\u00bb34&Prime; uncode_shortcode_id=\u00a0\u00bb100235&Prime;][vc_empty_space empty_h=\u00a0\u00bb2&Prime;][vc_custom_heading text_color=\u00a0\u00bbcolor-jevc\u00a0\u00bb text_size=\u00a0\u00bbh4&Prime; text_weight=\u00a0\u00bb500&Prime; uncode_shortcode_id=\u00a0\u00bb519525&Prime; text_color_type=\u00a0\u00bbuncode-palette\u00a0\u00bb]Salsabille Alnajjar[\/vc_custom_heading][vc_column_text text_color=\u00a0\u00bbcolor-jevc\u00a0\u00bb uncode_shortcode_id=\u00a0\u00bb163609&Prime; text_color_type=\u00a0\u00bbuncode-palette\u00a0\u00bb]<\/p>\n<div class=\"page\" title=\"Page 1\">\n<div class=\"section\">\n<div class=\"layoutArea\">\n<div class=\"column\">\n<p>Psychotraumatologie, psychologie sociale et iinterculturelle<\/p>\n<\/div>\n<\/div>\n<\/div>\n<\/div>\n<p>[\/vc_column_text][vc_button button_color=\u00a0\u00bbcolor-jevc\u00a0\u00bb hover_fx=\u00a0\u00bboutlined\u00a0\u00bb outline=\u00a0\u00bbyes\u00a0\u00bb border_width=\u00a0\u00bb0&Prime; button_color_type=\u00a0\u00bbuncode-palette\u00a0\u00bb uncode_shortcode_id=\u00a0\u00bb129942&Prime; link=\u00a0\u00bburl:https%3A%2F%2Fespacesantefamille.be%2Findex.php%2F2025%2F11%2F15%2Fsalsabille-alnajjar%2F|title:Salsabil\u00a0\u00bb]Voir la fiche \u00bb[\/vc_button][\/vc_column_inner][\/vc_row_inner][vc_row_inner limit_content=\u00a0\u00bb\u00a0\u00bb][vc_column_inner column_width_percent=\u00a0\u00bb100&Prime; gutter_size=\u00a0\u00bb1&Prime; overlay_alpha=\u00a0\u00bb50&Prime; shift_x=\u00a0\u00bb0&Prime; shift_y=\u00a0\u00bb0&Prime; shift_y_down=\u00a0\u00bb0&Prime; z_index=\u00a0\u00bb0&Prime; medium_width=\u00a0\u00bb0&Prime; mobile_width=\u00a0\u00bb0&Prime; width=\u00a0\u00bb1\/3&Prime; uncode_shortcode_id=\u00a0\u00bb150574&Prime;][vc_single_image media=\u00a0\u00bb118841&Prime; media_width_percent=\u00a0\u00bb34&Prime; uncode_shortcode_id=\u00a0\u00bb152398&Prime;][vc_empty_space empty_h=\u00a0\u00bb1&Prime;][vc_custom_heading text_color=\u00a0\u00bbcolor-jevc\u00a0\u00bb text_size=\u00a0\u00bbh4&Prime; text_weight=\u00a0\u00bb500&Prime; uncode_shortcode_id=\u00a0\u00bb200308&Prime; text_color_type=\u00a0\u00bbuncode-palette\u00a0\u00bb]<strong>Benjelloun Rania<\/strong>[\/vc_custom_heading][vc_column_text text_color=\u00a0\u00bbcolor-jevc\u00a0\u00bb uncode_shortcode_id=\u00a0\u00bb858951&Prime; text_color_type=\u00a0\u00bbuncode-palette\u00a0\u00bb]<\/p>\n<div class=\"page\" title=\"Page 1\">\n<div class=\"section\">\n<div class=\"layoutArea\">\n<div class=\"column\">\n<p class=\"p1\">Psychologue<\/p>\n<\/div>\n<\/div>\n<\/div>\n<\/div>\n<p>[\/vc_column_text][vc_empty_space empty_h=\u00a0\u00bb1&Prime;][vc_button button_color=\u00a0\u00bbcolor-jevc\u00a0\u00bb hover_fx=\u00a0\u00bboutlined\u00a0\u00bb outline=\u00a0\u00bbyes\u00a0\u00bb border_width=\u00a0\u00bb0&Prime; button_color_type=\u00a0\u00bbuncode-palette\u00a0\u00bb uncode_shortcode_id=\u00a0\u00bb214790&Prime; link=\u00a0\u00bburl:https%3A%2F%2Fespacesantefamille.be%2Findex.php%2Fbenjelloun-rania%2F|title:Canak%C3%A7i%20Olivya\u00a0\u00bb]Voir la fiche \u00bb[\/vc_button][\/vc_column_inner][vc_column_inner column_width_percent=\u00a0\u00bb100&Prime; gutter_size=\u00a0\u00bb1&Prime; overlay_alpha=\u00a0\u00bb50&Prime; shift_x=\u00a0\u00bb0&Prime; shift_y=\u00a0\u00bb0&Prime; shift_y_down=\u00a0\u00bb0&Prime; z_index=\u00a0\u00bb0&Prime; medium_width=\u00a0\u00bb0&Prime; mobile_width=\u00a0\u00bb0&Prime; width=\u00a0\u00bb1\/3&Prime; uncode_shortcode_id=\u00a0\u00bb138097&Prime;][vc_single_image media=\u00a0\u00bb118599&Prime; media_width_percent=\u00a0\u00bb34&Prime; uncode_shortcode_id=\u00a0\u00bb155767&Prime;][vc_empty_space empty_h=\u00a0\u00bb1&Prime;][vc_custom_heading text_color=\u00a0\u00bbcolor-jevc\u00a0\u00bb text_size=\u00a0\u00bbh4&Prime; text_weight=\u00a0\u00bb500&Prime; uncode_shortcode_id=\u00a0\u00bb104227&Prime; text_color_type=\u00a0\u00bbuncode-palette\u00a0\u00bb]<strong>Liebmann Margaux<\/strong>[\/vc_custom_heading][vc_column_text text_color=\u00a0\u00bbcolor-jevc\u00a0\u00bb uncode_shortcode_id=\u00a0\u00bb213237&Prime; text_color_type=\u00a0\u00bbuncode-palette\u00a0\u00bb]<\/p>\n<div class=\"page\" title=\"Page 1\">\n<div class=\"section\">\n<div class=\"layoutArea\">\n<div class=\"column\">\n<p>Psychologue clinicienne 1\u00e8re ligne, syst\u00e9mique, interculturalit\u00e9, trauma et exil, MENA<br \/>\n<strong>Brustar<\/strong><\/div>\n<\/div>\n<\/div>\n<\/div>\n<p>[\/vc_column_text][vc_button button_color=\u00a0\u00bbcolor-jevc\u00a0\u00bb hover_fx=\u00a0\u00bboutlined\u00a0\u00bb outline=\u00a0\u00bbyes\u00a0\u00bb border_width=\u00a0\u00bb0&Prime; button_color_type=\u00a0\u00bbuncode-palette\u00a0\u00bb uncode_shortcode_id=\u00a0\u00bb140549&Prime; link=\u00a0\u00bburl:https%3A%2F%2Fespacesantefamille.be%2Findex.php%2Fliebmann-margaux%2F|title:Haubourdain%20Yves\u00a0\u00bb]Voir la fiche \u00bb[\/vc_button][vc_empty_space empty_h=\u00a0\u00bb1&Prime;][\/vc_column_inner][vc_column_inner column_width_percent=\u00a0\u00bb100&Prime; gutter_size=\u00a0\u00bb1&Prime; overlay_alpha=\u00a0\u00bb50&Prime; shift_x=\u00a0\u00bb0&Prime; shift_y=\u00a0\u00bb0&Prime; shift_y_down=\u00a0\u00bb0&Prime; z_index=\u00a0\u00bb0&Prime; medium_width=\u00a0\u00bb0&Prime; mobile_width=\u00a0\u00bb0&Prime; width=\u00a0\u00bb1\/3&Prime; uncode_shortcode_id=\u00a0\u00bb101362&Prime;][vc_empty_space empty_h=\u00a0\u00bb1&Prime;][\/vc_column_inner][\/vc_row_inner][\/vc_column][\/vc_row]<\/p>\n<\/div>","protected":false},"excerpt":{"rendered":"<p>[vc_row row_height_percent=\u00a0\u00bb85&Prime; override_padding=\u00a0\u00bbyes\u00a0\u00bb h_padding=\u00a0\u00bb2&Prime; top_padding=\u00a0\u00bb5&Prime; bottom_padding=\u00a0\u00bb5&Prime; back_image=\u00a0\u00bb118373&Prime; back_position=\u00a0\u00bbcenter center\u00a0\u00bb overlay_color=\u00a0\u00bbcolor-rgdb\u00a0\u00bb overlay_alpha=\u00a0\u00bb0&Prime; gutter_size=\u00a0\u00bb3&Prime; column_width_percent=\u00a0\u00bb100&Prime; shift_y=\u00a0\u00bb0&Prime; z_index=\u00a0\u00bb0&Prime; top_divider=\u00a0\u00bbgradient\u00a0\u00bb uncode_shortcode_id=\u00a0\u00bb907412&Prime; overlay_color_type=\u00a0\u00bbuncode-palette\u00a0\u00bb][vc_column column_width_percent=\u00a0\u00bb100&Prime; position_vertical=\u00a0\u00bbmiddle\u00a0\u00bb [&hellip;]<\/p>\n","protected":false},"author":1,"featured_media":0,"parent":0,"menu_order":0,"comment_status":"closed","ping_status":"closed","template":"","meta":{"footnotes":""},"class_list":["post-118313","page","type-page","status-publish","hentry"],"_links":{"self":[{"href":"https:\/\/espacesantefamille.be\/index.php\/wp-json\/wp\/v2\/pages\/118313","targetHints":{"allow":["GET"]}}],"collection":[{"href":"https:\/\/espacesantefamille.be\/index.php\/wp-json\/wp\/v2\/pages"}],"about":[{"href":"https:\/\/espacesantefamille.be\/index.php\/wp-json\/wp\/v2\/types\/page"}],"author":[{"embeddable":true,"href":"https:\/\/espacesantefamille.be\/index.php\/wp-json\/wp\/v2\/users\/1"}],"replies":[{"embeddable":true,"href":"https:\/\/espacesantefamille.be\/index.php\/wp-json\/wp\/v2\/comments?post=118313"}],"version-history":[{"count":28,"href":"https:\/\/espacesantefamille.be\/index.php\/wp-json\/wp\/v2\/pages\/118313\/revisions"}],"predecessor-version":[{"id":118960,"href":"https:\/\/espacesantefamille.be\/index.php\/wp-json\/wp\/v2\/pages\/118313\/revisions\/118960"}],"wp:attachment":[{"href":"https:\/\/espacesantefamille.be\/index.php\/wp-json\/wp\/v2\/media?parent=118313"}],"curies":[{"name":"wp","href":"https:\/\/api.w.org\/{rel}","templated":true}]}}