{"id":118633,"date":"2024-03-13T12:20:43","date_gmt":"2024-03-13T11:20:43","guid":{"rendered":"https:\/\/espacesantefamille.be\/?page_id=118633"},"modified":"2024-03-19T13:25:48","modified_gmt":"2024-03-19T12:25:48","slug":"van-uffel-erwin","status":"publish","type":"page","link":"https:\/\/espacesantefamille.be\/index.php\/van-uffel-erwin\/","title":{"rendered":"Van Uffel Erwin"},"content":{"rendered":"<div class=\"wpb-content-wrapper\"><p>[vc_row unlock_row_content=\u00a0\u00bbyes\u00a0\u00bb row_height_percent=\u00a0\u00bb77&Prime; override_padding=\u00a0\u00bbyes\u00a0\u00bb h_padding=\u00a0\u00bb0&Prime; top_padding=\u00a0\u00bb0&Prime; bottom_padding=\u00a0\u00bb0&Prime; back_color=\u00a0\u00bbcolor-xsdn\u00a0\u00bb back_image=\u00a0\u00bb118817&Prime; overlay_alpha=\u00a0\u00bb50&Prime; equal_height=\u00a0\u00bbyes\u00a0\u00bb gutter_size=\u00a0\u00bb0&Prime; column_width_percent=\u00a0\u00bb100&Prime; shift_y=\u00a0\u00bb0&Prime; z_index=\u00a0\u00bb0&Prime; el_class=\u00a0\u00bbinverted-device-order\u00a0\u00bb uncode_shortcode_id=\u00a0\u00bb375371&Prime; back_color_type=\u00a0\u00bbuncode-palette\u00a0\u00bb shape_dividers=\u00a0\u00bb\u00a0\u00bb][vc_column column_width_use_pixel=\u00a0\u00bbyes\u00a0\u00bb position_vertical=\u00a0\u00bbmiddle\u00a0\u00bb align_horizontal=\u00a0\u00bbalign_center\u00a0\u00bb gutter_size=\u00a0\u00bb1&Prime; override_padding=\u00a0\u00bbyes\u00a0\u00bb column_padding=\u00a0\u00bb5&Prime; style=\u00a0\u00bbdark\u00a0\u00bb overlay_alpha=\u00a0\u00bb50&Prime; shift_x=\u00a0\u00bb0&Prime; shift_y=\u00a0\u00bb0&Prime; shift_y_down=\u00a0\u00bb0&Prime; z_index=\u00a0\u00bb0&Prime; medium_width=\u00a0\u00bb0&Prime; mobile_width=\u00a0\u00bb0&Prime; width=\u00a0\u00bb1\/1&Prime; column_width_pixel=\u00a0\u00bb528&Prime; uncode_shortcode_id=\u00a0\u00bb527278&Prime;][\/vc_column][\/vc_row][vc_row row_height_percent=\u00a0\u00bb0&Prime; override_padding=\u00a0\u00bbyes\u00a0\u00bb h_padding=\u00a0\u00bb2&Prime; top_padding=\u00a0\u00bb4&Prime; bottom_padding=\u00a0\u00bb4&Prime; back_color=\u00a0\u00bbcolor-xsdn\u00a0\u00bb overlay_alpha=\u00a0\u00bb50&Prime; gutter_size=\u00a0\u00bb3&Prime; column_width_percent=\u00a0\u00bb100&Prime; shift_y=\u00a0\u00bb0&Prime; z_index=\u00a0\u00bb0&Prime; uncode_shortcode_id=\u00a0\u00bb189908&Prime; back_color_type=\u00a0\u00bbuncode-palette\u00a0\u00bb][vc_column column_width_percent=\u00a0\u00bb100&Prime; position_vertical=\u00a0\u00bbmiddle\u00a0\u00bb gutter_size=\u00a0\u00bb2&Prime; overlay_alpha=\u00a0\u00bb50&Prime; shift_x=\u00a0\u00bb0&Prime; shift_y=\u00a0\u00bb0&Prime; shift_y_down=\u00a0\u00bb0&Prime; z_index=\u00a0\u00bb0&Prime; medium_width=\u00a0\u00bb0&Prime; mobile_width=\u00a0\u00bb0&Prime; width=\u00a0\u00bb1\/1&Prime; uncode_shortcode_id=\u00a0\u00bb203908&Prime;][vc_custom_heading text_color=\u00a0\u00bbcolor-jevc\u00a0\u00bb uncode_shortcode_id=\u00a0\u00bb451313&Prime; text_color_type=\u00a0\u00bbuncode-palette\u00a0\u00bb]Van Uffel Erwin[\/vc_custom_heading][vc_column_text text_color=\u00a0\u00bbcolor-nhtu\u00a0\u00bb uncode_shortcode_id=\u00a0\u00bb942565&Prime; text_color_type=\u00a0\u00bbuncode-palette\u00a0\u00bb]Psychologue clinicien 1\u00e8re ligne, EMDR, mindfullness, m\u00e9ditation, th\u00e9rapeute psycho-corporel, Brumenta[\/vc_column_text][vc_column_text text_color=\u00a0\u00bbcolor-xsdn\u00a0\u00bb uncode_shortcode_id=\u00a0\u00bb273901&Prime; text_color_type=\u00a0\u00bbuncode-palette\u00a0\u00bb]<strong>Concern\u00e9s<\/strong><\/p>\n<p><span style=\"background-color: black; padding: 8px;\">Adulte<\/span>[\/vc_column_text][vc_column_text text_color=\u00a0\u00bbcolor-jevc\u00a0\u00bb uncode_shortcode_id=\u00a0\u00bb160048&Prime; text_color_type=\u00a0\u00bbuncode-palette\u00a0\u00bb]<strong>Langues<\/strong><\/p>\n<p><span style=\"border: 1px solid black; padding: 8px;\">N\u00e9erlandais<\/span> <span style=\"border: 1px solid black; padding: 8px;\">Fran\u00e7ais<\/span> <span style=\"border: 1px solid black; padding: 8px;\">Anglais<\/span> <span style=\"border: 1px solid black; padding: 8px;\">Espagnol<\/span>[\/vc_column_text][vc_column_text text_color=\u00a0\u00bbcolor-xsdn\u00a0\u00bb uncode_shortcode_id=\u00a0\u00bb105141&Prime; text_color_type=\u00a0\u00bbuncode-palette\u00a0\u00bb]<strong>Disponibilit\u00e9<\/strong><\/p>\n<p><span style=\"background-color: black; padding: 8px;\">Lundi<\/span> <span style=\"background-color: black; padding: 8px;\">Mercredi<\/span> [\/vc_column_text][vc_column_text text_color=\u00a0\u00bbcolor-nhtu\u00a0\u00bb uncode_shortcode_id=\u00a0\u00bb652278&Prime; text_color_type=\u00a0\u00bbuncode-palette\u00a0\u00bb]<\/p>\n<div class=\"page\" title=\"Page 1\">\n<div class=\"section\">\n<div class=\"layoutArea\">\n<div class=\"column\">\n<p><strong>Coordonn\u00e9es<\/strong><\/p>\n<\/div>\n<\/div>\n<\/div>\n<\/div>\n<p>[\/vc_column_text][vc_column_text text_color=\u00a0\u00bbcolor-nhtu\u00a0\u00bb uncode_shortcode_id=\u00a0\u00bb712171&Prime; text_color_type=\u00a0\u00bbuncode-palette\u00a0\u00bb]<\/p>\n<div class=\"page\" title=\"Page 1\">\n<div class=\"section\">\n<div class=\"layoutArea\">\n<div class=\"column\">\n<p>+32 24271999<br \/>\nsecretariat.medical@espacesantefamille.be<br \/>\nwww.espacesantefamille.com<br \/>\nAvenue des Arts, 43 \u2013 1000 Bruxelles<\/p>\n<\/div>\n<\/div>\n<\/div>\n<\/div>\n<p>[\/vc_column_text][\/vc_column][\/vc_row]<\/p>\n<\/div>","protected":false},"excerpt":{"rendered":"<p>[vc_row unlock_row_content=\u00a0\u00bbyes\u00a0\u00bb row_height_percent=\u00a0\u00bb77&Prime; override_padding=\u00a0\u00bbyes\u00a0\u00bb h_padding=\u00a0\u00bb0&Prime; top_padding=\u00a0\u00bb0&Prime; bottom_padding=\u00a0\u00bb0&Prime; back_color=\u00a0\u00bbcolor-xsdn\u00a0\u00bb back_image=\u00a0\u00bb118817&Prime; overlay_alpha=\u00a0\u00bb50&Prime; equal_height=\u00a0\u00bbyes\u00a0\u00bb gutter_size=\u00a0\u00bb0&Prime; column_width_percent=\u00a0\u00bb100&Prime; shift_y=\u00a0\u00bb0&Prime; z_index=\u00a0\u00bb0&Prime; el_class=\u00a0\u00bbinverted-device-order\u00a0\u00bb uncode_shortcode_id=\u00a0\u00bb375371&Prime; back_color_type=\u00a0\u00bbuncode-palette\u00a0\u00bb shape_dividers=\u00a0\u00bb\u00a0\u00bb][vc_column column_width_use_pixel=\u00a0\u00bbyes\u00a0\u00bb [&hellip;]<\/p>\n","protected":false},"author":1,"featured_media":0,"parent":0,"menu_order":0,"comment_status":"closed","ping_status":"closed","template":"","meta":{"footnotes":""},"class_list":["post-118633","page","type-page","status-publish","hentry"],"_links":{"self":[{"href":"https:\/\/espacesantefamille.be\/index.php\/wp-json\/wp\/v2\/pages\/118633","targetHints":{"allow":["GET"]}}],"collection":[{"href":"https:\/\/espacesantefamille.be\/index.php\/wp-json\/wp\/v2\/pages"}],"about":[{"href":"https:\/\/espacesantefamille.be\/index.php\/wp-json\/wp\/v2\/types\/page"}],"author":[{"embeddable":true,"href":"https:\/\/espacesantefamille.be\/index.php\/wp-json\/wp\/v2\/users\/1"}],"replies":[{"embeddable":true,"href":"https:\/\/espacesantefamille.be\/index.php\/wp-json\/wp\/v2\/comments?post=118633"}],"version-history":[{"count":5,"href":"https:\/\/espacesantefamille.be\/index.php\/wp-json\/wp\/v2\/pages\/118633\/revisions"}],"predecessor-version":[{"id":118818,"href":"https:\/\/espacesantefamille.be\/index.php\/wp-json\/wp\/v2\/pages\/118633\/revisions\/118818"}],"wp:attachment":[{"href":"https:\/\/espacesantefamille.be\/index.php\/wp-json\/wp\/v2\/media?parent=118633"}],"curies":[{"name":"wp","href":"https:\/\/api.w.org\/{rel}","templated":true}]}}